{"id":129,"date":"2023-11-02T12:00:02","date_gmt":"2023-11-02T11:00:02","guid":{"rendered":"http:\/\/creches-vic-andrest.com\/?page_id=129"},"modified":"2025-01-06T14:47:57","modified_gmt":"2025-01-06T13:47:57","slug":"pl-presentation","status":"publish","type":"page","link":"https:\/\/creches-vic-andrest.com\/index.php\/pl-presentation\/","title":{"rendered":"Les Petits-Loups : pr\u00e9sentation"},"content":{"rendered":"<p><img loading=\"lazy\" decoding=\"async\" class=\"wp-image-438 size-medium aligncenter\" src=\"https:\/\/creches-vic-andrest.com\/wp-content\/uploads\/2020\/11\/LPL_logo_bleu-300x99.png\" alt=\"\" width=\"300\" height=\"99\" srcset=\"https:\/\/creches-vic-andrest.com\/wp-content\/uploads\/2020\/11\/LPL_logo_bleu-300x99.png 300w, https:\/\/creches-vic-andrest.com\/wp-content\/uploads\/2020\/11\/LPL_logo_bleu-768x253.png 768w, https:\/\/creches-vic-andrest.com\/wp-content\/uploads\/2020\/11\/LPL_logo_bleu-150x49.png 150w, https:\/\/creches-vic-andrest.com\/wp-content\/uploads\/2020\/11\/LPL_logo_bleu.png 1000w\" sizes=\"auto, (max-width: 300px) 100vw, 300px\" \/><\/p>\n<p style=\"text-align: justify;\"><span style=\"font-family: Lato;\">La cr\u00e8che \u00ab Les petits loups \u00bb est un multi-accueil g\u00e9r\u00e9 par l\u2019ADMR de Vic, constitu\u00e9e de 11 professionnelles et qui se situe au 67 rue Fran\u00e7oise Dolto \u00e0 Vic en Bigorre. Elle dispose d\u2019un agr\u00e9ment de 30 places les lundis, mardis, jeudis et vendredis et de 22 places les mercredis de 7h30 \u00e0 18h30.<\/span><\/p>\n<p style=\"text-align: justify;\">Les enfants sont accompagn\u00e9s dans le respect de leurs rythmes, leurs besoins par une \u00e9quipe de professionnelles dipl\u00f4m\u00e9es, bienveillantes qui s&rsquo;adapte \u00e0 chaque enfant. L&rsquo;\u00e9quipe est compos\u00e9e de :<\/p>\n<ul>\n<li>1 directrice, infirmi\u00e8re pu\u00e9ricultrice<\/li>\n<li>1 directrice adjointe, \u00e9ducatrice de jeunes enfants<\/li>\n<li>4 auxiliaires de pu\u00e9riculture,<\/li>\n<li>4 assistantes d&rsquo;\u00e9veil,<\/li>\n<li>1 agent polyvalent<\/li>\n<\/ul>\n<p>&nbsp;<\/p>\n<ul>\n<li>1 cuisinier centrale de la CCAM<\/li>\n<\/ul>\n<p style=\"text-align: justify;\">Elle est dirig\u00e9 par le le\u00a0\u00a0conseil d&rsquo;administration de l&rsquo;ADMR de Vic-Bigorre Nord, \u00e9paul\u00e9 par la<a href=\"https:\/\/www.fede65.admr.org\/\" target=\"_blank\" rel=\"noopener noreferrer\"> F\u00e9d\u00e9ration d\u00e9partementale des ADMR.<\/a> \u00a0Il a c\u0153ur de mettre l&rsquo;enfant au centre de notre accompagnement, sans oublier la place des parents qui est pour nous essentielle.<\/p>\n<h5 style=\"text-align: center;\"><strong><span style=\"color: #ff6600;\">Nous sommes heureux de pouvoir accueillir vos \u00ab\u00a0petits loups\u00a0\u00bb au sein de notre cr\u00e8che,\u00a0<\/span><\/strong><strong><span style=\"color: #ff6600;\">dont notre site pr\u00e9sente les principales caract\u00e9ristiques<\/span><\/strong><\/h5>\n<p>&nbsp;<\/p>\n<p>&nbsp;<\/p>\n","protected":false},"excerpt":{"rendered":"<p>La cr\u00e8che \u00ab Les petits loups \u00bb est un multi-accueil g\u00e9r\u00e9 par l\u2019ADMR de Vic, constitu\u00e9e de 11 professionnelles et qui se situe au 67 rue Fran\u00e7oise Dolto \u00e0 Vic&#8230;<\/p>\n<p> <a class=\"continue-reading-link\" href=\"https:\/\/creches-vic-andrest.com\/index.php\/pl-presentation\/\"><span>LIRE LA SUITE<\/span><i class=\"crycon-right-dir\"><\/i><\/a> <\/p>\n","protected":false},"author":1,"featured_media":0,"parent":0,"menu_order":0,"comment_status":"closed","ping_status":"closed","template":"","meta":{"footnotes":""},"class_list":["post-129","page","type-page","status-publish","hentry"],"jetpack_sharing_enabled":true,"_links":{"self":[{"href":"https:\/\/creches-vic-andrest.com\/index.php\/wp-json\/wp\/v2\/pages\/129","targetHints":{"allow":["GET"]}}],"collection":[{"href":"https:\/\/creches-vic-andrest.com\/index.php\/wp-json\/wp\/v2\/pages"}],"about":[{"href":"https:\/\/creches-vic-andrest.com\/index.php\/wp-json\/wp\/v2\/types\/page"}],"author":[{"embeddable":true,"href":"https:\/\/creches-vic-andrest.com\/index.php\/wp-json\/wp\/v2\/users\/1"}],"replies":[{"embeddable":true,"href":"https:\/\/creches-vic-andrest.com\/index.php\/wp-json\/wp\/v2\/comments?post=129"}],"version-history":[{"count":13,"href":"https:\/\/creches-vic-andrest.com\/index.php\/wp-json\/wp\/v2\/pages\/129\/revisions"}],"predecessor-version":[{"id":15945,"href":"https:\/\/creches-vic-andrest.com\/index.php\/wp-json\/wp\/v2\/pages\/129\/revisions\/15945"}],"wp:attachment":[{"href":"https:\/\/creches-vic-andrest.com\/index.php\/wp-json\/wp\/v2\/media?parent=129"}],"curies":[{"name":"wp","href":"https:\/\/api.w.org\/{rel}","templated":true}]}}